{"id":142,"date":"2021-02-19T14:07:21","date_gmt":"2021-02-19T13:07:21","guid":{"rendered":"http:\/\/blog-nationa-lang-fr.arnaud-bernard.org\/?page_id=142"},"modified":"2021-10-20T16:47:16","modified_gmt":"2021-10-20T14:47:16","slug":"accueil","status":"publish","type":"page","link":"https:\/\/www.declaration-langues-langage.net\/index.php\/accueil\/","title":{"rendered":"Articles"},"content":{"rendered":"\t\t<div data-elementor-type=\"wp-page\" data-elementor-id=\"142\" class=\"elementor elementor-142\">\n\t\t\t\t\t\t<section class=\"elementor-section elementor-top-section elementor-element elementor-element-87be57c elementor-section-boxed elementor-section-height-default elementor-section-height-default\" data-id=\"87be57c\" data-element_type=\"section\" data-e-type=\"section\">\n\t\t\t\t\t\t<div class=\"elementor-container elementor-column-gap-default\">\n\t\t\t\t\t<div class=\"elementor-column elementor-col-100 elementor-top-column elementor-element elementor-element-17fdb64\" data-id=\"17fdb64\" data-element_type=\"column\" data-e-type=\"column\" data-settings=\"{&quot;background_background&quot;:&quot;classic&quot;}\">\n\t\t\t<div class=\"elementor-widget-wrap elementor-element-populated\">\n\t\t\t\t\t\t<div class=\"elementor-element elementor-element-7b5383d elementor-widget elementor-widget-text-editor\" data-id=\"7b5383d\" data-element_type=\"widget\" data-e-type=\"widget\" data-widget_type=\"text-editor.default\">\n\t\t\t\t<div class=\"elementor-widget-container\">\n\t\t\t\t\t\t\t\t\t<p style=\"text-align: center;\"><br \/>T\u00e9l\u00e9charger le texte de la<br \/><a href=\"http:\/\/blog-decla-langs.arnaud-bernard.org\/wp-content\/uploads\/2021\/03\/declaration-devoirs-langues-langage.pdf\" target=\"_blank\" rel=\"noopener\">D\u00e9claration sur les Devoirs envers les Langues et le Langage<\/a><br \/>(format PDF)<\/p>\t\t\t\t\t\t\t\t<\/div>\n\t\t\t\t<\/div>\n\t\t\t\t\t<\/div>\n\t\t<\/div>\n\t\t\t\t\t<\/div>\n\t\t<\/section>\n\t\t\t\t<section class=\"elementor-section elementor-top-section elementor-element elementor-element-cc1b2d4 elementor-section-boxed elementor-section-height-default elementor-section-height-default\" data-id=\"cc1b2d4\" data-element_type=\"section\" data-e-type=\"section\">\n\t\t\t\t\t\t<div class=\"elementor-container elementor-column-gap-default\">\n\t\t\t\t\t<div class=\"elementor-column elementor-col-100 elementor-top-column elementor-element elementor-element-970b544\" data-id=\"970b544\" data-element_type=\"column\" data-e-type=\"column\">\n\t\t\t<div class=\"elementor-widget-wrap elementor-element-populated\">\n\t\t\t\t\t\t<div class=\"elementor-element elementor-element-37a9ef2 elementor-widget elementor-widget-blfe-post-list\" data-id=\"37a9ef2\" data-element_type=\"widget\" data-e-type=\"widget\" data-settings=\"{&quot;columns&quot;:&quot;12&quot;,&quot;columns_tablet&quot;:&quot;6&quot;,&quot;columns_mobile&quot;:&quot;12&quot;,&quot;classic1_layout_column_gap&quot;:{&quot;unit&quot;:&quot;px&quot;,&quot;size&quot;:30,&quot;sizes&quot;:[]},&quot;classic1_layout_column_gap_tablet&quot;:{&quot;unit&quot;:&quot;px&quot;,&quot;size&quot;:&quot;&quot;,&quot;sizes&quot;:[]},&quot;classic1_layout_column_gap_mobile&quot;:{&quot;unit&quot;:&quot;px&quot;,&quot;size&quot;:&quot;&quot;,&quot;sizes&quot;:[]},&quot;classic1_layout_row_gap&quot;:{&quot;unit&quot;:&quot;px&quot;,&quot;size&quot;:30,&quot;sizes&quot;:[]},&quot;classic1_layout_row_gap_tablet&quot;:{&quot;unit&quot;:&quot;px&quot;,&quot;size&quot;:&quot;&quot;,&quot;sizes&quot;:[]},&quot;classic1_layout_row_gap_mobile&quot;:{&quot;unit&quot;:&quot;px&quot;,&quot;size&quot;:&quot;&quot;,&quot;sizes&quot;:[]}}\" data-widget_type=\"blfe-post-list.classic1\">\n\t\t\t\t<div class=\"elementor-widget-container\">\n\t\t\t\t\t\n            <div class=\"blfe-post-list-container \">\n                <div data-skin=\"classic1\" class=\"blfe-classic1 blfe-row blfe-posts-inner blfe-col-12 blfe-col-tab-6 blfe-col-mob-12   \">\n                            <div class=\"blfe-post-list-item  hide-post-image\">\n\n            \n            <div class=\"blfe-post-list-details\">\n                                <h3 class=\"blfe-post-list-title\">\n            <a href=\"https:\/\/www.declaration-langues-langage.net\/index.php\/2021\/10\/20\/adresse-aux-aventuriers-daujourdhui-2\/\" title=\"Adresse aux aventuriers d\u2019aujourd\u2019hui\" rel=\"nofollow\" target=\"_self\">Adresse aux aventuriers d\u2019aujourd\u2019hui<\/a>\n            <\/h3>                        <div class=\"blfe-post-list-meta\">\n            <span class=\"blfe-post-list-author\"><i class=\"fa fa-user far fa-user\"><\/i>by <a href=\"https:\/\/www.declaration-langues-langage.net\/index.php\/author\/adminccabblog1\/\">AdminCCABBlog1<\/a><\/span><span class=\"blfe-post-list-date\"><i class=\"fa fa-calendar-alt far fa-calendar-alt\"><\/i>20 octobre 2021<\/span>        <span>\n            <i class=\"fa fa-comment-alt far fa-comment-alt\"><\/i>            3 commentaires\t\t<\/span>\n                <\/div>\n                        <p class=\"blfe-post-list-excerpt\">Adresse aux aventuriers d\u2019aujourd\u2019huiIl y a, depuis 1789, une D\u00e9claration Universelle des Droits de l\u2019Homme (a)\u00a0 qui joue un r\u00f4le d\u2019importance, \u00e0 travers le monde entier, comme arme \u00e9thique, intellectuelle et juridique dans les combats contre violences et injustices.Il y aura, au XXIe\u00a0 si\u00e8cle, une D\u00e9claration Universelle des Droit envers les Langues et les Cultures.Pourquoi ?- Parce que la prolif\u00e9ration, sur toute la plan\u00e8te, des luttes ethniques (tribales, r\u00e9gionales, nationales) montre bien qu\u2019il faut que la communaut\u00e9 internationale se dote d\u2019une arme juridique pour les contenir, sinon les \u00e9radiquer ;- Parce que ces luttes, qui empoisonnent les rapports entre les hommes dans le monde entier, sont la cons\u00e9quence de la n\u00e9gation, plus ou moins violente selon les r\u00e9gions, d\u2019identit\u00e9s collectives constitu\u00e9es par des langues, et des cultures au sens fort (comprenant les religions) ;- Parce que ce qui fait la force de la D\u00e9claration des Droits de l\u2019Homme, \u00e0 savoir qu\u2019elle ne consid\u00e8re que des individus pris isol\u00e9ment de leurs diverses appartenances (ethniques, linguistiques, sociales, religieuses) pour les traiter \u00e0 \u00e9galit\u00e9 sur le plan de l\u2019\u00e9thique et du droit, est...<\/p>                        <a class=\"blfe-post-read-more\" href=\"https:\/\/www.declaration-langues-langage.net\/index.php\/2021\/10\/20\/adresse-aux-aventuriers-daujourdhui-2\/\" >\n            <span class=\"blfe-read-more-btn-wrapper\">\n\n             <span class=\"blfe-read-more-btn-text\">Lire la suite ...<\/span>\n\n                                    <span class=\"blfe-read-more-btn-icon blfe-read-more-btn-align-icon-right\">\n                <i aria-hidden=\"true\" class=\"fas fa-long-arrow-alt-right\"><\/i>                    <\/span>\n                \n            <\/span>\n        <\/a>\n                    <\/div>\n\n        <\/div>\n                <div class=\"blfe-post-list-item  hide-post-image\">\n\n            \n            <div class=\"blfe-post-list-details\">\n                                <h3 class=\"blfe-post-list-title\">\n            <a href=\"https:\/\/www.declaration-langues-langage.net\/index.php\/2021\/10\/20\/un-forum-de-la-pensee-du-langage-henri-meschonnic-la-depeche-du-midi-18-mai-2001\/\" title=\"\u00ab Un forum de la pens\u00e9e du langage \u00bb, Henri Meschonnic,  La D\u00e9p\u00eache du Midi, 18 mai 2001\" rel=\"nofollow\" target=\"_self\">\u00ab Un forum de la pens\u00e9e du langage \u00bb, Henri Meschonnic,  La D\u00e9p\u00eache du Midi, 18 mai 2001<\/a>\n            <\/h3>                        <div class=\"blfe-post-list-meta\">\n            <span class=\"blfe-post-list-author\"><i class=\"fa fa-user far fa-user\"><\/i>by <a href=\"https:\/\/www.declaration-langues-langage.net\/index.php\/author\/adminccabblog1\/\">AdminCCABBlog1<\/a><\/span><span class=\"blfe-post-list-date\"><i class=\"fa fa-calendar-alt far fa-calendar-alt\"><\/i>20 octobre 2021<\/span>        <span>\n            <i class=\"fa fa-comment-alt far fa-comment-alt\"><\/i>            Aucun commentaire\t\t<\/span>\n                <\/div>\n                        <p class=\"blfe-post-list-excerpt\">\u00ab Un forum de la pens\u00e9e du langage \u00bb, Henri Meschonnic,\u00a0 La D\u00e9p\u00eache du Midi, 18 mai 2001\u00a0 Je ne vais pas jouer au politique. Je ne suis pas plus un politique que je ne suis un th\u00e9ologien. Ce qui est parfois la m\u00eame chose. Mais il y a un devoir de la pens\u00e9e. Un devoir d\u2019intervention. Il est vrai que, au moins c\u2019est ce que le vocabulaire a int\u00e9gr\u00e9 avec Zola, c\u2019est le r\u00f4le des intellectuels. Bien que ce r\u00f4le ait exist\u00e9, m\u00eame avant le mot, bien avant Zola. Symboliquement, le premier peut-\u00eatre \u00e0 le repr\u00e9senter, c\u2019est Socrate. Qui se disait philologos. Ce qui ne voulait pas dire \u00ab\u00a0philologue\u00a0\u00bb, mais discutailleur. Inventeur embl\u00e9matique de la critique. De la pens\u00e9e comme critique. C\u2019est-\u00e0-dire de la pens\u00e9e comme exercice de la libert\u00e9. Toutes les deux\u00a0: la m\u00eame. L\u2019emp\u00eacheur de penser en rond, de dormir en parlant, comme on fait quand on confond la pens\u00e9e et le maintien de l\u2019ordre. Et les choses du langage sont un observatoire superbe pour voir notre monde comme celui de la belle au bois dormant\u00a0: tous...<\/p>                        <a class=\"blfe-post-read-more\" href=\"https:\/\/www.declaration-langues-langage.net\/index.php\/2021\/10\/20\/un-forum-de-la-pensee-du-langage-henri-meschonnic-la-depeche-du-midi-18-mai-2001\/\" >\n            <span class=\"blfe-read-more-btn-wrapper\">\n\n             <span class=\"blfe-read-more-btn-text\">Lire la suite ...<\/span>\n\n                                    <span class=\"blfe-read-more-btn-icon blfe-read-more-btn-align-icon-right\">\n                <i aria-hidden=\"true\" class=\"fas fa-long-arrow-alt-right\"><\/i>                    <\/span>\n                \n            <\/span>\n        <\/a>\n                    <\/div>\n\n        <\/div>\n                <div class=\"blfe-post-list-item  hide-post-image\">\n\n            \n            <div class=\"blfe-post-list-details\">\n                                <h3 class=\"blfe-post-list-title\">\n            <a href=\"https:\/\/www.declaration-langues-langage.net\/index.php\/2021\/10\/20\/a-propos-de-la-proposition-de-nationalisation-des-langues-et-cultures-de-france-par-le-forom-des-langues-du-monde-de-toulouse\/\" title=\"\u00c0 propos de la proposition de nationalisation des langues et cultures de France par le Forom des Langues du Monde de Toulouse\" rel=\"nofollow\" target=\"_self\">\u00c0 propos de la proposition de nationalisation des langues et cultures de France par le Forom des Langues du Monde de Toulouse<\/a>\n            <\/h3>                        <div class=\"blfe-post-list-meta\">\n            <span class=\"blfe-post-list-author\"><i class=\"fa fa-user far fa-user\"><\/i>by <a href=\"https:\/\/www.declaration-langues-langage.net\/index.php\/author\/adminccabblog1\/\">AdminCCABBlog1<\/a><\/span><span class=\"blfe-post-list-date\"><i class=\"fa fa-calendar-alt far fa-calendar-alt\"><\/i>20 octobre 2021<\/span>        <span>\n            <i class=\"fa fa-comment-alt far fa-comment-alt\"><\/i>            Un commentaire\t\t<\/span>\n                <\/div>\n                        <p class=\"blfe-post-list-excerpt\">\u00c0 propos de la proposition de nationalisation deslangues et cultures de France par le Forom des Langues du Monde de ToulouseIl faudrait que tout le monde prenne conscience de l\u2019importance historique qu\u2019a l\u2019amendement vot\u00e9 par l\u2019Assembl\u00e9e Nationale le 22 mai dernier \u00e0 l\u2019article 1 de la constitution, d\u00e9clarant au sujet de la R\u00e9publique fran\u00e7aise, que\u00a0: \u00ab\u00a0Les langues r\u00e9gionales appartiennent \u00e0 son patrimoine\u00a0\u00bb. Incluant ainsi ces langues dans \u00e0 la fois l\u2019histoire de France et l\u2019histoire de la langue fran\u00e7aise, que Fran\u00e7ois 1er en 1539 \u00e0 Villers-Cotter\u00eats avait d\u00e9clar\u00e9e \u2013 c\u2019\u00e9tait contre le latin, \u00e0 l\u2019\u00e9poque \u2013 seule langue de France, langue officielle des arr\u00eat\u00e9s officiels.Mais la r\u00e9alit\u00e9 historique et g\u00e9ographique de la France \u00e9tait celle d\u2019une pluralit\u00e9 de langues. L\u2019abb\u00e9 Gr\u00e9goire en 1790, pour diffuser les id\u00e9es r\u00e9volutionnaires, la r\u00e9volution partant de Paris, voulait \u00e9liminer les patois comme refuges de la f\u00e9odalit\u00e9 et de la royaut\u00e9. Encore \u00e0 la fin du XIXe si\u00e8cle la R\u00e9publique luttait pour imposer le fran\u00e7ais langue nationale. Car il y avait huit ou neuf langues populaires. Encore en1914-1918, selon les r\u00e9gions, peu connaissaient la langue...<\/p>                        <a class=\"blfe-post-read-more\" href=\"https:\/\/www.declaration-langues-langage.net\/index.php\/2021\/10\/20\/a-propos-de-la-proposition-de-nationalisation-des-langues-et-cultures-de-france-par-le-forom-des-langues-du-monde-de-toulouse\/\" >\n            <span class=\"blfe-read-more-btn-wrapper\">\n\n             <span class=\"blfe-read-more-btn-text\">Lire la suite ...<\/span>\n\n                                    <span class=\"blfe-read-more-btn-icon blfe-read-more-btn-align-icon-right\">\n                <i aria-hidden=\"true\" class=\"fas fa-long-arrow-alt-right\"><\/i>                    <\/span>\n                \n            <\/span>\n        <\/a>\n                    <\/div>\n\n        <\/div>\n                <div class=\"blfe-post-list-item  hide-post-image\">\n\n            \n            <div class=\"blfe-post-list-details\">\n                                <h3 class=\"blfe-post-list-title\">\n            <a href=\"https:\/\/www.declaration-langues-langage.net\/index.php\/2009\/04\/06\/introduction-dhenri-meschonnic\/\" title=\"Introduction d&rsquo;Henri Meschonnic\" rel=\"nofollow\" target=\"_self\">Introduction d&rsquo;Henri Meschonnic<\/a>\n            <\/h3>                        <div class=\"blfe-post-list-meta\">\n            <span class=\"blfe-post-list-author\"><i class=\"fa fa-user far fa-user\"><\/i>by <a href=\"https:\/\/www.declaration-langues-langage.net\/index.php\/author\/adminccabblog1\/\">AdminCCABBlog1<\/a><\/span><span class=\"blfe-post-list-date\"><i class=\"fa fa-calendar-alt far fa-calendar-alt\"><\/i>6 avril 2009<\/span>        <span>\n            <i class=\"fa fa-comment-alt far fa-comment-alt\"><\/i>            Aucun commentaire\t\t<\/span>\n                <\/div>\n                        <p class=\"blfe-post-list-excerpt\">Le pr\u00e9ambule de la \u00ab&nbsp;D\u00e9claration des Droits de l\u2019Homme et du Citoyen&nbsp;\u00bb de 1789 tenait \u00e0 rappeler \u00ab&nbsp;\u00e0 tous les membres du corps social (\u2026) sans cesse leurs droits et leurs devoirs \u00bb. \u00c0 voir le monde aujourd\u2019hui, il n\u2019y a rien de chang\u00e9, sinon que, comme le disait ce pr\u00e9ambule, \u00ab&nbsp;l\u2019ignorance, l\u2019oubli ou le m\u00e9pris des droits de l\u2019homme&nbsp;\u00bb se sont beaucoup aggrav\u00e9s. Mauvais \u00e9tat g\u00e9n\u00e9ral des soci\u00e9t\u00e9s.D\u2019o\u00f9 l\u2019urgence d\u2019inventer un rapport entre l\u2019\u00e9thique et la politique qui est encore une utopie. Le paradoxe du langage est que c\u2019est par lui, par lui seul que peut passer ce rapport. Or c\u2019est le lieu d\u2019une m\u00e9connaissance maximale. Et par le langage, j\u2019entends la fonction d\u2019expression de la pens\u00e9e, et une langue est un syst\u00e8me social de signes. Les implications ne sont pas les m\u00eames.D\u00e9fendre le langage&nbsp;? Mais il n\u2019est pas attaqu\u00e9. C\u2019est pire&nbsp;: il est m\u00e9connu sans m\u00eame qu\u2019on le sache. Mais comment&nbsp;? Avec tant d\u2019\u00e9tudes et de savoir. Justement, c\u2019est ce qui est paradoxal, tout ce savoir ne sait pas qu\u2019il produit de l\u2019ignorance, une ignorance sp\u00e9cifique, et il...<\/p>                        <a class=\"blfe-post-read-more\" href=\"https:\/\/www.declaration-langues-langage.net\/index.php\/2009\/04\/06\/introduction-dhenri-meschonnic\/\" >\n            <span class=\"blfe-read-more-btn-wrapper\">\n\n             <span class=\"blfe-read-more-btn-text\">Lire la suite ...<\/span>\n\n                                    <span class=\"blfe-read-more-btn-icon blfe-read-more-btn-align-icon-right\">\n                <i aria-hidden=\"true\" class=\"fas fa-long-arrow-alt-right\"><\/i>                    <\/span>\n                \n            <\/span>\n        <\/a>\n                    <\/div>\n\n        <\/div>\n                <div class=\"blfe-post-list-item  hide-post-image\">\n\n            \n            <div class=\"blfe-post-list-details\">\n                                <h3 class=\"blfe-post-list-title\">\n            <a href=\"https:\/\/www.declaration-langues-langage.net\/index.php\/2009\/04\/04\/la-declaration\/\" title=\"La D\u00e9claration\" rel=\"nofollow\" target=\"_self\">La D\u00e9claration<\/a>\n            <\/h3>                        <div class=\"blfe-post-list-meta\">\n            <span class=\"blfe-post-list-author\"><i class=\"fa fa-user far fa-user\"><\/i>by <a href=\"https:\/\/www.declaration-langues-langage.net\/index.php\/author\/adminccabblog1\/\">AdminCCABBlog1<\/a><\/span><span class=\"blfe-post-list-date\"><i class=\"fa fa-calendar-alt far fa-calendar-alt\"><\/i>4 avril 2009<\/span>        <span>\n            <i class=\"fa fa-comment-alt far fa-comment-alt\"><\/i>            Aucun commentaire\t\t<\/span>\n                <\/div>\n                        <p class=\"blfe-post-list-excerpt\">Art. 1 Il y a d&#039;abord une sp\u00e9cificit\u00e9 \u00e0 reconna\u00eetre aux choses du langage. Cette sp\u00e9cificit\u00e9 fait qu&#039;on ne saurait simplement reporter sur ces questions le calque des d\u00e9clarations connues sur les droits des \u00eatreshumains et des collectivit\u00e9s. Se prononcer sur des droits suppose aussi de se prononcer sur des devoirs. L&#039;un et l&#039;autre pr\u00e9suppose une pens\u00e9e de ce que sont et de ce que font les langues. Mais cette pens\u00e9e semble plus active, envisag\u00e9e entermes de devoirs. La sp\u00e9cificit\u00e9 des choses du langage suppose elle-m\u00eame une pens\u00e9e sp\u00e9cifique. Pour tenir tous les \u00e9l\u00e9ments que cette pens\u00e9e suppose il est n\u00e9cessaire de postuler que cette pens\u00e9e doit \u00eatre une critiqueperp\u00e9tuelle de sa propre histoire, sous peine de ne pas penser son objet, mais de s&#039;identifier \u00e0 telle ou telle id\u00e9e re\u00e7ue concernant les langues et la langue. La premi\u00e8re chose \u00e0 reconna\u00eetre est que penser les langues suppose de penser ce qu&#039;est une langue, ce qu&#039;est la langue, et en quoi consiste historiquement et dans son \u00e9tat pr\u00e9sent la pens\u00e9e de la langue.Penser la langue soit se borne \u00e0 ne...<\/p>                        <a class=\"blfe-post-read-more\" href=\"https:\/\/www.declaration-langues-langage.net\/index.php\/2009\/04\/04\/la-declaration\/\" >\n            <span class=\"blfe-read-more-btn-wrapper\">\n\n             <span class=\"blfe-read-more-btn-text\">Lire la suite ...<\/span>\n\n                                    <span class=\"blfe-read-more-btn-icon blfe-read-more-btn-align-icon-right\">\n                <i aria-hidden=\"true\" class=\"fas fa-long-arrow-alt-right\"><\/i>                    <\/span>\n                \n            <\/span>\n        <\/a>\n                    <\/div>\n\n        <\/div>\n                        <\/div>\n            <\/div>\n\n                        <div class=\"blfe-post-footer\">\n                            <\/div>\n            \t\t\t\t<\/div>\n\t\t\t\t<\/div>\n\t\t\t\t\t<\/div>\n\t\t<\/div>\n\t\t\t\t\t<\/div>\n\t\t<\/section>\n\t\t\t\t<section class=\"elementor-section elementor-top-section elementor-element elementor-element-c5f6794 elementor-section-boxed elementor-section-height-default elementor-section-height-default\" data-id=\"c5f6794\" data-element_type=\"section\" data-e-type=\"section\">\n\t\t\t\t\t\t<div class=\"elementor-container elementor-column-gap-default\">\n\t\t\t\t\t<div class=\"elementor-column elementor-col-100 elementor-top-column elementor-element elementor-element-ba31259\" data-id=\"ba31259\" data-element_type=\"column\" data-e-type=\"column\">\n\t\t\t<div class=\"elementor-widget-wrap\">\n\t\t\t\t\t\t\t<\/div>\n\t\t<\/div>\n\t\t\t\t\t<\/div>\n\t\t<\/section>\n\t\t\t\t<\/div>\n\t\t","protected":false},"excerpt":{"rendered":"<p>T\u00e9l\u00e9charger le texte de laD\u00e9claration sur les Devoirs envers les Langues et le Langage(format PDF) \u00ab Un forum de la pens\u00e9e du langage \u00bb, Henri Meschonnic, La D\u00e9p\u00eache du Midi, 18 mai 2001 by AdminCCABBlog120 octobre 2021 Aucun commentaire \u00ab Un forum de la pens\u00e9e du langage \u00bb, Henri Meschonnic,\u00a0 La D\u00e9p\u00eache du Midi, 18 [&hellip;]<\/p>\n","protected":false},"author":1,"featured_media":0,"parent":0,"menu_order":0,"comment_status":"closed","ping_status":"closed","template":"","meta":{"ocean_post_layout":"","ocean_both_sidebars_style":"","ocean_both_sidebars_content_width":0,"ocean_both_sidebars_sidebars_width":0,"ocean_sidebar":"0","ocean_second_sidebar":"0","ocean_disable_margins":"enable","ocean_add_body_class":"","ocean_shortcode_before_top_bar":"","ocean_shortcode_after_top_bar":"","ocean_shortcode_before_header":"","ocean_shortcode_after_header":"","ocean_has_shortcode":"","ocean_shortcode_after_title":"","ocean_shortcode_before_footer_widgets":"","ocean_shortcode_after_footer_widgets":"","ocean_shortcode_before_footer_bottom":"","ocean_shortcode_after_footer_bottom":"","ocean_display_top_bar":"default","ocean_display_header":"default","ocean_header_style":"","ocean_center_header_left_menu":"0","ocean_custom_header_template":"0","ocean_custom_logo":0,"ocean_custom_retina_logo":0,"ocean_custom_logo_max_width":0,"ocean_custom_logo_tablet_max_width":0,"ocean_custom_logo_mobile_max_width":0,"ocean_custom_logo_max_height":0,"ocean_custom_logo_tablet_max_height":0,"ocean_custom_logo_mobile_max_height":0,"ocean_header_custom_menu":"0","ocean_menu_typo_font_family":"0","ocean_menu_typo_font_subset":"","ocean_menu_typo_font_size":0,"ocean_menu_typo_font_size_tablet":0,"ocean_menu_typo_font_size_mobile":0,"ocean_menu_typo_font_size_unit":"px","ocean_menu_typo_font_weight":"","ocean_menu_typo_font_weight_tablet":"","ocean_menu_typo_font_weight_mobile":"","ocean_menu_typo_transform":"","ocean_menu_typo_transform_tablet":"","ocean_menu_typo_transform_mobile":"","ocean_menu_typo_line_height":0,"ocean_menu_typo_line_height_tablet":0,"ocean_menu_typo_line_height_mobile":0,"ocean_menu_typo_line_height_unit":"","ocean_menu_typo_spacing":0,"ocean_menu_typo_spacing_tablet":0,"ocean_menu_typo_spacing_mobile":0,"ocean_menu_typo_spacing_unit":"","ocean_menu_link_color":"","ocean_menu_link_color_hover":"","ocean_menu_link_color_active":"","ocean_menu_link_background":"","ocean_menu_link_hover_background":"","ocean_menu_link_active_background":"","ocean_menu_social_links_bg":"","ocean_menu_social_hover_links_bg":"","ocean_menu_social_links_color":"","ocean_menu_social_hover_links_color":"","ocean_disable_title":"default","ocean_disable_heading":"default","ocean_post_title":"","ocean_post_subheading":"","ocean_post_title_style":"","ocean_post_title_background_color":"","ocean_post_title_background":0,"ocean_post_title_bg_image_position":"","ocean_post_title_bg_image_attachment":"","ocean_post_title_bg_image_repeat":"","ocean_post_title_bg_image_size":"","ocean_post_title_height":0,"ocean_post_title_bg_overlay":0.5,"ocean_post_title_bg_overlay_color":"","ocean_disable_breadcrumbs":"default","ocean_breadcrumbs_color":"","ocean_breadcrumbs_separator_color":"","ocean_breadcrumbs_links_color":"","ocean_breadcrumbs_links_hover_color":"","ocean_display_footer_widgets":"default","ocean_display_footer_bottom":"default","ocean_custom_footer_template":"0","footnotes":""},"class_list":["post-142","page","type-page","status-publish","hentry","entry"],"_links":{"self":[{"href":"https:\/\/www.declaration-langues-langage.net\/index.php\/wp-json\/wp\/v2\/pages\/142","targetHints":{"allow":["GET"]}}],"collection":[{"href":"https:\/\/www.declaration-langues-langage.net\/index.php\/wp-json\/wp\/v2\/pages"}],"about":[{"href":"https:\/\/www.declaration-langues-langage.net\/index.php\/wp-json\/wp\/v2\/types\/page"}],"author":[{"embeddable":true,"href":"https:\/\/www.declaration-langues-langage.net\/index.php\/wp-json\/wp\/v2\/users\/1"}],"replies":[{"embeddable":true,"href":"https:\/\/www.declaration-langues-langage.net\/index.php\/wp-json\/wp\/v2\/comments?post=142"}],"version-history":[{"count":0,"href":"https:\/\/www.declaration-langues-langage.net\/index.php\/wp-json\/wp\/v2\/pages\/142\/revisions"}],"wp:attachment":[{"href":"https:\/\/www.declaration-langues-langage.net\/index.php\/wp-json\/wp\/v2\/media?parent=142"}],"curies":[{"name":"wp","href":"https:\/\/api.w.org\/{rel}","templated":true}]}}